{"id":1169,"date":"2015-08-28T11:48:34","date_gmt":"2015-08-28T09:48:34","guid":{"rendered":"http:\/\/estumoment.com\/?post_type=project&#038;p=1169"},"modified":"2020-06-14T00:34:07","modified_gmt":"2020-06-13T22:34:07","slug":"salzburg-to-the-sea","status":"publish","type":"project","link":"https:\/\/estumoment.com\/?project=salzburg-to-the-sea","title":{"rendered":"SALZBURG TO THE SEA 350Km 2015"},"content":{"rendered":"\n[et_pb_section bb_built=\u00bb1&#8243;][et_pb_row][et_pb_column type=\u00bb4_4&#8243;][et_pb_text admin_label=\u00bbText\u00bb background_layout=\u00bblight\u00bb text_orientation=\u00bbleft\u00bb background_position=\u00bbtop_left\u00bb background_repeat=\u00bbrepeat\u00bb background_size=\u00bbinitial\u00bb]\r\n\r\n<hr \/>\r\n\r\n<h1 style=\"text-align: center;\">A PIE DESDE SALZBURGO A LA PLAYA<\/h1>\r\n\r\n<hr \/>\r\n\r\n&nbsp;\r\n\r\n[\/et_pb_text][\/et_pb_column][\/et_pb_row][et_pb_row][et_pb_column type=\u00bb1_2&#8243;][et_pb_text admin_label=\u00bbText\u00bb background_layout=\u00bblight\u00bb text_orientation=\u00bbleft\u00bb background_position=\u00bbtop_left\u00bb background_repeat=\u00bbrepeat\u00bb background_size=\u00bbinitial\u00bb]\r\n\r\n<div class='et-box et-shadow'>\n\t\t\t\t\t<div class='et-box-content'>350 Kil\u00f3metros a pie es lo que separa Salzburgo (Austria) del mar Adri\u00e1tico en Italia. Cruzando los Alpes austriacos, los Dolomitas italianos y siguiendo antiguas rutas comerciales. El verano de 2015 fue un viaje a pie desde Salzburgo a Trieste en Italia.<\/div><\/div>\r\n\r\n[\/et_pb_text][\/et_pb_column][et_pb_column type=\u00bb1_2&#8243;][et_pb_text admin_label=\u00bbText\u00bb background_layout=\u00bblight\u00bb background_position=\u00bbtop_left\u00bb background_repeat=\u00bbrepeat\u00bb background_size=\u00bbinitial\u00bb _builder_version=\u00bb3.0.92&#8243;]\r\n\r\n<div class='et-box et-shadow'>\n\t\t\t\t\t<div class='et-box-content'>Inicio: Salida desde casa, Salzburgo, un mi\u00e9rcoles 24 de Junio\u00a0 Fin: Trieste, Italia un mi\u00e9rcoles 8. Total: 15 d\u00edas. En coche se tardar\u00eda unas cinco horas. \u00a0 \u00a0 \u00a0 \u00a0 \u00a0 \u00a0 \u00a0 \u00a0 \u00a0 \u00a0 Compa\u00f1ero de viaje inseparable: Kevin Fox, ge\u00f3grafo cultural.<\/div><\/div>\r\n\r\n[\/et_pb_text][\/et_pb_column][\/et_pb_row][et_pb_row][et_pb_column type=\u00bb4_4&#8243;][et_pb_gallery admin_label=\u00bbGallery\u00bb fullwidth=\u00bboff\u00bb posts_number=\u00bb31&#8243; show_title_and_caption=\u00bbon\u00bb show_pagination=\u00bboff\u00bb background_layout=\u00bblight\u00bb gallery_ids=\u00bb1407,1376,1377,1378,1379,1380,1381,1382,1383,1384,1385,1386,1387,1388,1389,1390,1391,1392,1393,1394,1395,1396,1397,1398,1399,1400,1401,1402,1403,1404,1406&#8243; \/][\/et_pb_column][\/et_pb_row][et_pb_row][et_pb_column type=\u00bb4_4&#8243;][et_pb_text admin_label=\u00bbText\u00bb background_layout=\u00bblight\u00bb text_orientation=\u00bbleft\u00bb background_position=\u00bbtop_left\u00bb background_repeat=\u00bbrepeat\u00bb background_size=\u00bbinitial\u00bb]\r\n\r\n<span style=\"margin: 0px; color: #333333; font-family: 'Arial','sans-serif'; font-size: 10pt;\">Cuando termin\u00e9 los Apalaches en Estados Unidos ten\u00eda unas ganas inmensas de ir a la playa. Un destino que lleva impl\u00edcito el no hacer nada y relajarse lo m\u00e1ximo posible. De eso ya hace dos a\u00f1os y no lleg\u00f3 a cumplirse ya que no he parado hasta entonces de organizar mi agenda. Pero el cerebro archiva todo aquello que se queda sin hacer por lo que este a\u00f1o la oportunidad era hacer un clic en mi lista de aquellas cosas pendientes.<\/span>\r\n\r\n<span style=\"margin: 0px; color: #333333; font-family: 'Arial','sans-serif'; font-size: 10pt;\">El punto m\u00e1s cercano al mar desde Salzburgo es Sistiana pero quer\u00eda alejar el destino hasta Trieste. Un esfuerzo de 350 kil\u00f3metros pero luego un descanso en LA MAR: brisa, sol, arena, no hacer nada.<\/span>\r\n\r\n<span style=\"margin: 0px; color: #333333; font-family: 'Arial','sans-serif'; font-size: 10pt;\">Ya he dicho que el cerebro tiene memoria y siempre he querido salir de casa con mi mochila y empezar a caminar sin una ruta muy establecida. Por lo que hago otro clic en mi lista de cosas pendientes ya realizadas. Esta vez no quer\u00eda seguir una se\u00f1al blanca como los Apalaches o amarilla como el Camino de Santiago. Mi objetivo: llegar a la Mar, c\u00f3mo: a pie, por d\u00f3nde: siguiendo el recorrido del r\u00edo Saalach hasta casi Zell and See. Atravesar los Alpes austriacos siguiendo antiguas rutas de comercio y de transhumancia, cruzando el Nationalpark Hohe Taue, Visita a unos amigos en Lienz. Y continuar por el rio Drau entrando en el Parque Natural de los Dolomitas Friulane. Ya en Italia: pasar por Tolmezzo, Udine, Sistiana y continuar avanzando hasta Trieste. Una vez all\u00ed hubo un cambio de destino final y acab\u00e9 en la encantadora y m\u00e1gica Izola en Eslovenia. El regreso fue en tren desde Trieste.<\/span>\r\n\r\n<span style=\"margin: 0px; color: #333333; font-family: 'Arial','sans-serif'; font-size: 10pt;\">Como ves el destino final cambi\u00f3 a las playas de Izola. Un lugar m\u00e1s tranquilo y alejado de las multitudes. Es importante tener un objetivo y perseguirlo pero te dar\u00e1s cuenta que a lo largo del camino pueden haber cambios y debes estar preparado\/a. para que el viaje no se haga amargo sino salado.<\/span>\r\n\r\n<strong><u><span style=\"margin: 0px; color: #333333; font-family: 'Arial','sans-serif'; font-size: 10pt;\">DIARIO<\/span><\/u><\/strong>\r\n\r\n<strong><span style=\"margin: 0px; color: #333333; font-family: 'Arial','sans-serif'; font-size: 10pt;\">Viernes 26.<\/span><\/strong><span style=\"margin: 0px; color: #333333; font-family: 'Arial','sans-serif'; font-size: 10pt;\"> Decidimos enviar la tienda de campa\u00f1a a casa ya que es dif\u00edcil poder acampar en el camino. La mayor\u00eda de los campos son privados y est\u00e1n vallados.<\/span>\r\n\r\n<span style=\"margin: 0px; color: #333333; font-family: 'Arial','sans-serif'; font-size: 10pt;\">A partir de aqu\u00ed dormimos en \u00abGuest houses\u00bb, casas particulares \u201cZimmers\u201d o albergues.<\/span>\r\n\r\n<span style=\"margin: 0px; color: #333333; font-family: 'Arial','sans-serif'; font-size: 10pt;\">En Mauthen dormimos en un albergue, antiguo gendarmer\u00eda de polic\u00eda por 34\u20ac, dos personas. Las casas particulares rondan la media de 50\u20ac, habitaci\u00f3n doble con desayuno incluido.<\/span>\r\n\r\n<strong><span style=\"margin: 0px; color: #333333; font-family: 'Arial','sans-serif'; font-size: 10pt;\">S\u00e1bado 27. \u00ab<\/span><\/strong><span style=\"margin: 0px; color: #333333; font-family: 'Arial','sans-serif'; font-size: 10pt;\">Eiszeitliche Gletscherm\u00fchle\u00bb. Parque geol\u00f3gico en Wildental. Entramos en el bosque m\u00edstico \u201cFuchsloch\u201d. Grandes bloques de piedra, boulders y glaciares de m\u00e1s de 2 metros de ancho. El peque\u00f1o parque se encuentra en el borde del Parque Nacional Berchtesgaden.<\/span>\r\n\r\n<span style=\"margin: 0px; color: #333333; font-family: 'Arial','sans-serif'; font-size: 10pt;\">Mis rodillas vuelven a dolerme. Un descanso en el Jugendherbergs en Zell am See. Si al d\u00eda siguiente el dolor persiste creo que tengo que abandonar el camino y dejar que Kevin contin\u00fae solo. Es un momento frustrante porque estoy muy ilusionada con este viaje y las posibilidades de hacer un alto en el camino, abandonar, es muy probable.<\/span>\r\n\r\n<strong><span style=\"margin: 0px; color: #333333; font-family: 'Arial','sans-serif'; font-size: 10pt;\">Domingo 28.<\/span><\/strong><span style=\"margin: 0px; color: #333333; font-family: 'Arial','sans-serif'; font-size: 10pt;\"> Mi dolor ha disminuido por lo que continuo caminando. \u00a0Siguiendo un tramo de la <em><span style=\"margin: 0px; font-family: 'Arial','sans-serif';\">ruta de la sal.<\/span><\/em> El \u201coro blanco\u201d de la Edad Media.<\/span>\r\n\r\n<span style=\"margin: 0px; color: #333333; font-family: 'Arial','sans-serif'; font-size: 10pt;\">Dormimos en el Hut \u00abTrauneralm\u00bb a 1522 metros. Fue construido en 1819. La casa alojaba a los ricos comerciantes por eso las habitaciones son tan grandes. En aquella \u00e9poca no era habitual ver dormitorios de tan grandes dimensiones. Los pobres comerciantes dorm\u00edan a la intemperie. Tambi\u00e9n fue un hospital durante el r\u00e9gimen nazi.<\/span>\r\n\r\n<span style=\"margin: 0px; color: #333333; font-family: 'Arial','sans-serif'; font-size: 10pt;\">Ahora vuelve a ser una casa de hu\u00e9spedes donde Mathew y su esposa lo regenta. En invierno est\u00e1 cerrado por la cantidad de nieve que cae en la zona. Dan acogida a muchos senderistas. La zona tiene uno de los reclamos m\u00e1s atrayentes: La monta\u00f1a de Grossglockner con 3.798 m de altitud. La m\u00e1s alta de Austria. Est\u00e1 dentro del Parque Nacional <strong><span style=\"margin: 0px; font-family: 'Arial','sans-serif';\">The Hohe Tauern <\/span><\/strong>con 180kms de extensi\u00f3n y alrededor del 10% de su \u00e1rea todav\u00eda est\u00e1 cubierto por hielo glacial.\u00a0 Unos 150 lagos de monta\u00f1a distribuidos por todo el Hohe Tauern. Hay 279 torrentes naturales de monta\u00f1a que corren hacia abajo desde las altas monta\u00f1as al valle. Obstenta la catarata m\u00e1s alta de Europa, 380kms: The Krimmler.<\/span>\r\n\r\n<span style=\"margin: 0px; color: #333333; font-family: 'Arial','sans-serif'; font-size: 10pt;\">La carretera alpina de Grossglocknes fue un proyecto de los a\u00f1os 30 y tiene unos 48Kms.<\/span>\r\n\r\n<strong><span style=\"margin: 0px; color: #333333; font-family: 'Arial','sans-serif'; font-size: 10pt;\">Viernes 3.<\/span><\/strong><span style=\"margin: 0px; color: #333333; font-family: 'Arial','sans-serif'; font-size: 10pt;\"> Entramos en zona Italiana. Nos vamos aproximando al mar y el term\u00f3metro cada vez apunta temperaturas m\u00e1s altas. Empiezan a proliferar ampollas en mis pies y voy a batir el record. Tengo m\u00e1s que en los Apalaches. El calor no es un gran aliado para las caminatas. Los pies empiezan a sentirlo.<\/span>\r\n\r\n<strong><span style=\"margin: 0px; color: #333333; font-family: 'Arial','sans-serif'; font-size: 10pt;\">Lunes 6.<\/span><\/strong><span style=\"margin: 0px; color: #333333; font-family: 'Arial','sans-serif'; font-size: 10pt;\"> Hoy nos estamos metiendo una gran paliza. Hace mucho calor, no encontramos ning\u00fan sitio donde dormir y continuamos caminando. Pasamos entre vi\u00f1edos y al principio me parece bonito pero ya estoy cansada. Finalmente encontramos el para\u00edso en medio de un oasis. Una casa rural de categor\u00eda en Trivignano, Udine.<\/span>\r\n\r\n<span style=\"margin: 0px; color: #333333; font-family: 'Arial','sans-serif'; font-size: 10pt;\">\u2026\u2026\u2026\u2026\u2026..Y POR F\u00cdN,\u2026\u2026\u2026\u2026\u2026\u2026\u2026..LA MAR.<\/span>\r\n\r\n<span style=\"margin: 0px; font-family: 'Arial','sans-serif'; font-size: 10pt;\"><span style=\"color: #000000;\">\u00a0<\/span><\/span>\r\n\r\n[\/et_pb_text][\/et_pb_column][\/et_pb_row][et_pb_row][et_pb_column type=\u00bb4_4&#8243;][et_pb_contact_form admin_label=\u00bbContact Form\u00bb captcha=\u00bbon\u00bb email=\u00bbestumoment@gmail.com\u00bb title=\u00bbM\u00e1s informaci\u00f3n\u00bb border_radii=\u00bbon||||\u00bb \/][\/et_pb_column][\/et_pb_row][\/et_pb_section]\n","protected":false},"excerpt":{"rendered":"<p><div class=\"et_pb_row et_pb_row_0 et_pb_row_empty\">\n\t\t\t\t\n\t\t\t\t\n\t\t\t\t\n\t\t\t\t\n\t\t\t\t\n\t\t\t<\/div> A PIE DESDE SALZBURGO A LA PLAYA &nbsp; <div class=\"et_pb_row et_pb_row_1 et_pb_row_empty\">\n\t\t\t\t\n\t\t\t\t\n\t\t\t\t\n\t\t\t\t\n\t\t\t\t\n\t\t\t<\/div> <div class='et-box et-shadow'>\n\t\t\t\t\t<div class='et-box-content'>350 Kil\u00f3metros a pie es lo que separa Salzburgo (Austria) del mar Adri\u00e1tico en Italia. Cruzando los Alpes austriacos, los Dolomitas italianos y siguiendo antiguas rutas comerciales. El verano de 2015 fue un viaje a pie desde Salzburgo a Trieste en Italia.<\/div><\/div> <div class='et-box et-shadow'>\n\t\t\t\t\t<div class='et-box-content'><\/div><\/div> [&hellip;]<\/p>\n","protected":false},"author":1,"featured_media":1395,"comment_status":"open","ping_status":"closed","template":"","meta":{"_et_pb_use_builder":"on","_et_pb_old_content":"","_et_gb_content_width":"","footnotes":""},"project_category":[26],"project_tag":[],"class_list":["post-1169","project","type-project","status-publish","has-post-thumbnail","hentry","project_category-caminatas"],"_links":{"self":[{"href":"https:\/\/estumoment.com\/index.php?rest_route=\/wp\/v2\/project\/1169","targetHints":{"allow":["GET"]}}],"collection":[{"href":"https:\/\/estumoment.com\/index.php?rest_route=\/wp\/v2\/project"}],"about":[{"href":"https:\/\/estumoment.com\/index.php?rest_route=\/wp\/v2\/types\/project"}],"author":[{"embeddable":true,"href":"https:\/\/estumoment.com\/index.php?rest_route=\/wp\/v2\/users\/1"}],"replies":[{"embeddable":true,"href":"https:\/\/estumoment.com\/index.php?rest_route=%2Fwp%2Fv2%2Fcomments&post=1169"}],"version-history":[{"count":18,"href":"https:\/\/estumoment.com\/index.php?rest_route=\/wp\/v2\/project\/1169\/revisions"}],"predecessor-version":[{"id":2751,"href":"https:\/\/estumoment.com\/index.php?rest_route=\/wp\/v2\/project\/1169\/revisions\/2751"}],"wp:featuredmedia":[{"embeddable":true,"href":"https:\/\/estumoment.com\/index.php?rest_route=\/wp\/v2\/media\/1395"}],"wp:attachment":[{"href":"https:\/\/estumoment.com\/index.php?rest_route=%2Fwp%2Fv2%2Fmedia&parent=1169"}],"wp:term":[{"taxonomy":"project_category","embeddable":true,"href":"https:\/\/estumoment.com\/index.php?rest_route=%2Fwp%2Fv2%2Fproject_category&post=1169"},{"taxonomy":"project_tag","embeddable":true,"href":"https:\/\/estumoment.com\/index.php?rest_route=%2Fwp%2Fv2%2Fproject_tag&post=1169"}],"curies":[{"name":"wp","href":"https:\/\/api.w.org\/{rel}","templated":true}]}}