{"id":363,"date":"2015-02-15T09:20:33","date_gmt":"2015-02-15T09:20:33","guid":{"rendered":"http:\/\/estumoment.com\/?page_id=363"},"modified":"2021-03-13T04:28:48","modified_gmt":"2021-03-13T03:28:48","slug":"mediosdecomunicacion","status":"publish","type":"page","link":"https:\/\/estumoment.com\/?page_id=363","title":{"rendered":"Medios de comunicaci\u00f3n"},"content":{"rendered":"<p>[et_pb_section fb_built=\u00bb1&#8243; _builder_version=\u00bb3.22&#8243; custom_padding=\u00bb1px|0px|54px|0px\u00bb box_shadow_style=\u00bbpreset2&#8243;][et_pb_row _builder_version=\u00bb4.4.7&#8243; background_size=\u00bbinitial\u00bb background_position=\u00bbtop_left\u00bb background_repeat=\u00bbrepeat\u00bb custom_padding=\u00bb27px|0px|0px|0px\u00bb][et_pb_column type=\u00bb4_4&#8243; _builder_version=\u00bb3.25&#8243; custom_padding=\u00bb|||\u00bb custom_padding__hover=\u00bb|||\u00bb][et_pb_text _builder_version=\u00bb4.4.7&#8243; text_font=\u00bbOswald|300|||||||\u00bb text_text_color=\u00bbrgba(36,62,144,0.09)\u00bb text_font_size=\u00bb100px\u00bb text_letter_spacing=\u00bb5px\u00bb header_font=\u00bbOswald||||||||\u00bb header_text_color=\u00bb#243e90&#8243; text_orientation=\u00bbcenter\u00bb]<\/p>\n<p style=\"text-align: center;\">Medios de Comunicaci\u00f3n<\/p>\n<p>[\/et_pb_text][et_pb_text _builder_version=\u00bb4.4.7&#8243; text_font=\u00bbOpen Sans||||||||\u00bb text_text_color=\u00bb#212121&#8243; text_font_size=\u00bb50px\u00bb header_font=\u00bbOpen Sans||||||||\u00bb header_text_color=\u00bb#212121&#8243; header_font_size=\u00bb50px\u00bb header_letter_spacing=\u00bb50px\u00bb header_5_font=\u00bb||||||||\u00bb header_5_font_size=\u00bb2px\u00bb]<\/p>\n<p style=\"text-align: center;\">Medios de Comunicaci\u00f3n<\/p>\n<p>[\/et_pb_text][\/et_pb_column][\/et_pb_row][\/et_pb_section][et_pb_section fb_built=\u00bb1&#8243; _builder_version=\u00bb3.22&#8243;][et_pb_row column_structure=\u00bb2_5,3_5&#8243; _builder_version=\u00bb4.4.7&#8243;][et_pb_column type=\u00bb2_5&#8243; _builder_version=\u00bb4.4.7&#8243;][et_pb_text _builder_version=\u00bb4.4.7&#8243; text_font=\u00bbLaila||||||||\u00bb text_font_size=\u00bb15px\u00bb]<\/p>\n<ul>\n<li style=\"text-align: left;\">\n<h1><strong><a href=\"http:\/\/www.casiaventurilla.com\/\">Casiaventurilla Senderismo.<\/a><\/strong><\/h1>\n<h1>Documental<a href=\"http:\/\/www.casiaventurilla.com\/\"><\/a><strong> <\/strong><\/h1>\n<p><strong><\/strong>A\u00f1o 2019. Grandes Recorridos: El Sendero de los Apalaches<\/p>\n<\/li>\n<\/ul>\n<p>[\/et_pb_text][et_pb_button button_url=\u00bbhttps:\/\/youtu.be\/xyS5lKUVmlQ\u00bb button_text=\u00bbDocumental completo\u00bb button_alignment=\u00bbcenter\u00bb _builder_version=\u00bb4.4.7&#8243; custom_button=\u00bbon\u00bb button_text_size=\u00bb17px\u00bb button_bg_color=\u00bb#ff6b5a\u00bb button_border_width=\u00bb5px\u00bb button_border_color=\u00bb#ff6b5a\u00bb button_border_radius=\u00bb100px\u00bb button_font=\u00bbNoto Sans|700||on|||||\u00bb button_use_icon=\u00bboff\u00bb background_layout=\u00bbdark\u00bb button_border_color_hover=\u00bb#ff9e59&#8243; button_bg_color_hover=\u00bb#ff9e59&#8243; locked=\u00bboff\u00bb button_text_size__hover_enabled=\u00bboff\u00bb button_one_text_size__hover_enabled=\u00bboff\u00bb button_two_text_size__hover_enabled=\u00bboff\u00bb button_text_color__hover_enabled=\u00bboff\u00bb button_one_text_color__hover_enabled=\u00bboff\u00bb button_two_text_color__hover_enabled=\u00bboff\u00bb button_border_width__hover_enabled=\u00bboff\u00bb button_one_border_width__hover_enabled=\u00bboff\u00bb button_two_border_width__hover_enabled=\u00bboff\u00bb button_border_color__hover_enabled=\u00bbon\u00bb button_border_color__hover=\u00bb#ff9e59&#8243; button_one_border_color__hover_enabled=\u00bboff\u00bb button_two_border_color__hover_enabled=\u00bboff\u00bb button_border_radius__hover_enabled=\u00bboff\u00bb button_one_border_radius__hover_enabled=\u00bboff\u00bb button_two_border_radius__hover_enabled=\u00bboff\u00bb button_letter_spacing__hover_enabled=\u00bboff\u00bb button_one_letter_spacing__hover_enabled=\u00bboff\u00bb button_two_letter_spacing__hover_enabled=\u00bboff\u00bb button_bg_color__hover_enabled=\u00bbon\u00bb button_bg_color__hover=\u00bb#ff9e59&#8243; button_one_bg_color__hover_enabled=\u00bboff\u00bb button_two_bg_color__hover_enabled=\u00bboff\u00bb][\/et_pb_button][\/et_pb_column][et_pb_column type=\u00bb3_5&#8243; _builder_version=\u00bb4.4.7&#8243;][et_pb_video src=\u00bbhttps:\/\/youtu.be\/jrVS0Ut5WpQ\u00bb _builder_version=\u00bb4.4.7&#8243;][\/et_pb_video][\/et_pb_column][\/et_pb_row][et_pb_row column_structure=\u00bb2_5,3_5&#8243; _builder_version=\u00bb4.4.7&#8243; custom_margin=\u00bb-2px|auto||auto||\u00bb custom_padding=\u00bb46px||0px|||\u00bb][et_pb_column type=\u00bb2_5&#8243; _builder_version=\u00bb4.4.7&#8243;][et_pb_text _builder_version=\u00bb4.4.7&#8243; text_font=\u00bbLaila||||||||\u00bb text_font_size=\u00bb15px\u00bb]<\/p>\n<ul>\n<li style=\"text-align: left;\">\n<h1><a href=\"http:\/\/www.geographicalimaginations.org\/\"><strong>Geographical imaginations\u00a0<\/strong><\/a><\/h1>\n<h1>Radio Fabrik<a href=\"http:\/\/www.geographicalimaginations.org\/season-three\/\"><strong><\/strong><\/a><\/h1>\n<p>Marzo 2017. Episode Twenty nine. (En ingl\u00e9s)<\/p>\n<h3><strong> \u00abA great American Pilgrimage\u00bb<\/strong><\/h3>\n<\/li>\n<\/ul>\n<p>[\/et_pb_text][et_pb_button button_url=\u00bbhttp:\/\/www.geographicalimaginations.org\/2018\/05\/17\/episode-twenty-nine-a-great-american-pilgrimage-2\/\u00bb button_text=\u00bbPrograma completo\u00bb button_alignment=\u00bbcenter\u00bb _builder_version=\u00bb4.4.7&#8243; custom_button=\u00bbon\u00bb button_text_size=\u00bb17px\u00bb button_bg_color=\u00bb#ff6b5a\u00bb button_border_width=\u00bb5px\u00bb button_border_color=\u00bb#ff6b5a\u00bb button_border_radius=\u00bb100px\u00bb button_font=\u00bbNoto Sans|700||on|||||\u00bb button_use_icon=\u00bboff\u00bb background_layout=\u00bbdark\u00bb button_border_color_hover=\u00bb#ff9e59&#8243; button_bg_color_hover=\u00bb#ff9e59&#8243; locked=\u00bboff\u00bb button_text_size__hover_enabled=\u00bboff\u00bb button_one_text_size__hover_enabled=\u00bboff\u00bb button_two_text_size__hover_enabled=\u00bboff\u00bb button_text_color__hover_enabled=\u00bboff\u00bb button_one_text_color__hover_enabled=\u00bboff\u00bb button_two_text_color__hover_enabled=\u00bboff\u00bb button_border_width__hover_enabled=\u00bboff\u00bb button_one_border_width__hover_enabled=\u00bboff\u00bb button_two_border_width__hover_enabled=\u00bboff\u00bb button_border_color__hover_enabled=\u00bbon\u00bb button_border_color__hover=\u00bb#ff9e59&#8243; button_one_border_color__hover_enabled=\u00bboff\u00bb button_two_border_color__hover_enabled=\u00bboff\u00bb button_border_radius__hover_enabled=\u00bboff\u00bb button_one_border_radius__hover_enabled=\u00bboff\u00bb button_two_border_radius__hover_enabled=\u00bboff\u00bb button_letter_spacing__hover_enabled=\u00bboff\u00bb button_one_letter_spacing__hover_enabled=\u00bboff\u00bb button_two_letter_spacing__hover_enabled=\u00bboff\u00bb button_bg_color__hover_enabled=\u00bbon\u00bb button_bg_color__hover=\u00bb#ff9e59&#8243; button_one_bg_color__hover_enabled=\u00bboff\u00bb button_two_bg_color__hover_enabled=\u00bboff\u00bb][\/et_pb_button][\/et_pb_column][et_pb_column type=\u00bb3_5&#8243; _builder_version=\u00bb4.4.7&#8243;][et_pb_audio title=\u00bbRadio Fabrik- Episode 29&#8243; artist_name=\u00bbGeographical imaginations \u00bb image_url=\u00bbhttps:\/\/estumoment.com\/wp-content\/uploads\/2015\/06\/40-001.jpg\u00bb _builder_version=\u00bb4.4.7&#8243; width=\u00bb83%\u00bb module_alignment=\u00bbcenter\u00bb min_height=\u00bb494px\u00bb height=\u00bb461px\u00bb max_height=\u00bb1000px\u00bb custom_margin=\u00bb||19px|||\u00bb custom_padding=\u00bb||26px|||\u00bb][\/et_pb_audio][\/et_pb_column][\/et_pb_row][et_pb_row _builder_version=\u00bb4.4.7&#8243; background_size=\u00bbinitial\u00bb background_position=\u00bbtop_left\u00bb background_repeat=\u00bbrepeat\u00bb][et_pb_column type=\u00bb4_4&#8243; _builder_version=\u00bb3.25&#8243; custom_padding=\u00bb|||\u00bb custom_padding__hover=\u00bb|||\u00bb][et_pb_text admin_label=\u00bbText\u00bb _builder_version=\u00bb4.9.0&#8243; text_font=\u00bbLaila||||||||\u00bb text_font_size=\u00bb15px\u00bb background_size=\u00bbinitial\u00bb background_position=\u00bbtop_left\u00bb background_repeat=\u00bbrepeat\u00bb hover_enabled=\u00bb0&#8243; sticky_enabled=\u00bb0&#8243;]<\/p>\n<ul>\n<li>\n<h1><strong><a href=\"http:\/\/blog.ctnews.com\/connecticutpostings\/2014\/01\/07\/woman-from-spain-hikes-the-at-a-new-first\/\" target=\"_blank\" rel=\"noopener noreferrer\">Blog Connecticut Posting. <\/a><\/strong><\/h1>\n<p>Publicado el 7 de Enero, 2014. \u00abWoman from Spain hikes the AT: A new first\u00bb.<\/p>\n<\/li>\n<\/ul>\n<ul>\n<li>\n<h1><strong>SIA<\/strong><\/h1>\n<\/li>\n<\/ul>\n<p>\u2013\u00a0<a href=\"http:\/\/senderointernacionalapalaches.org\/mi-experiencia\/\"><strong>SIA.\u00a0<\/strong><\/a>\u00a0-Sendero Internacional de los Apalaches en Espa\u00f1a-. \u201cMi experiencia\u201d. Publicado: 18\/02\/2014.<\/p>\n<blockquote class=\"wp-embedded-content\" data-secret=\"N0Ekuhtbxq\"><p><a href=\"https:\/\/senderointernacionalapalaches.org\/mi-experiencia\/\">Mi Experiencia<\/a><\/p><\/blockquote>\n<p><iframe loading=\"lazy\" class=\"wp-embedded-content\" sandbox=\"allow-scripts\" security=\"restricted\" style=\"position: absolute; clip: rect(1px, 1px, 1px, 1px);\" title=\"\u00abMi Experiencia\u00bb \u2014 Sendero Internacional Apalaches\" src=\"https:\/\/senderointernacionalapalaches.org\/mi-experiencia\/embed\/#?secret=N0Ekuhtbxq\" data-secret=\"N0Ekuhtbxq\" width=\"600\" height=\"338\" frameborder=\"0\" marginwidth=\"0\" marginheight=\"0\" scrolling=\"no\"><\/iframe><\/p>\n<p>\u2013\u00a0<strong><a href=\"http:\/\/senderointernacionalapalaches.org\/logistica-en-el-sendero-de-los-apalaches\/\">SIA.<\/a>\u00a0\u00a0<\/strong>-Sendero Internacional de los Apalaches en Espa\u00f1a-. \u201cLog\u00edstica en el Sendero de los Apalaches\u201d. Publicado: 03\/02\/2014.<\/p>\n<blockquote class=\"wp-embedded-content\" data-secret=\"vXxRpz7slc\"><p><a href=\"https:\/\/senderointernacionalapalaches.org\/logistica-en-el-sendero-de-los-apalaches\/\">Log\u00edstica en el Sendero de los Apalaches<\/a><\/p><\/blockquote>\n<p><iframe loading=\"lazy\" class=\"wp-embedded-content\" sandbox=\"allow-scripts\" security=\"restricted\" style=\"position: absolute; clip: rect(1px, 1px, 1px, 1px);\" title=\"\u00abLog\u00edstica en el Sendero de los Apalaches\u00bb \u2014 Sendero Internacional Apalaches\" src=\"https:\/\/senderointernacionalapalaches.org\/logistica-en-el-sendero-de-los-apalaches\/embed\/#?secret=vXxRpz7slc\" data-secret=\"vXxRpz7slc\" width=\"600\" height=\"338\" frameborder=\"0\" marginwidth=\"0\" marginheight=\"0\" scrolling=\"no\"><\/iframe><\/p>\n<ul>\n<li>\n<h1><strong>European Youth Portal\u00a0<\/strong><\/h1>\n<\/li>\n<\/ul>\n<p>\u2013\u00a0<strong><a href=\"https:\/\/europa.eu\/youth\/node\/17740_en\">European Youth Portal.<\/a><\/strong>\u00a0\u201cCaminar sin fronteras\u201d. Publicado: 26\/06\/2014.<\/p>\n<p>\u2013\u00a0<a href=\"https:\/\/europa.eu\/youth\/es\/article\/62\/17811_en\"><strong>European Youth Portal<\/strong>.\u00a0<\/a>\u201d Walking without borders\u201d. Publicado: 30\/06\/2014.<\/p>\n<p><a href=\"https:\/\/europa.eu\/\">https:\/\/europa.eu\/<\/a><\/p>\n<ul>\n<li>\n<h1><strong>Ayuntamiento de Camporrobles<\/strong><\/h1>\n<\/li>\n<\/ul>\n<p>\u2013\u00a0<strong><a href=\"http:\/\/www.camporrobles.es\/\">Ayuntamiento de Camporrobles<\/a><\/strong>, Valencia, Espa\u00f1a. Libro de fiestas de Verano 2014.Publicaci\u00f3n de fotos \u201cRobles por el mundo\u201d. Publicado: Agosto 2014.<\/p>\n<ul>\n<li>\n<h1><strong>Casa Am\u00e9rica<\/strong><\/h1>\n<\/li>\n<\/ul>\n<p>\u2013\u00a0<strong><a href=\"http:\/\/www.casamerica.es\/casamerica-blog\/montanas-blancas-cerca-de-boston\">Casa Am\u00e9rica<\/a>,<\/strong>\u00a0Madrid, Espa\u00f1a. Colaboraci\u00f3n en blog con texto y fotos. Publicaciones: Mayo, Junio y Julio 2015.<\/p>\n<ul>\n<li>\n<h1><strong><a href=\"http:\/\/www.camporrobles.es\/index.php\" target=\"_blank\" rel=\"noopener noreferrer\">Ayuntamiento de Camporrobles.<\/a>\u00a0 \u00a0\u00a0<\/strong><\/h1>\n<\/li>\n<\/ul>\n<p>Enero 2015. Bolet\u00edn Informativo Municipal N\u00famero 6. \u00a0<a href=\"http:\/\/www.camporrobles.es\/archivos\/BIM%20CAMPORROBLES%20ENERO%202015.pdf\" target=\"_blank\" rel=\"noopener noreferrer\"> Sonia Ib\u00e1\u00f1ez conquista los Montes Apalaches.<\/a><\/p>\n<ul>\n<li>\n<h1><a href=\"https:\/\/www.mujeresviajeras.com\/sonia-ibanez-1a-espanola-en-recorrer-los-apalaches\/\"><strong>Mujeres viajeras.<\/strong><\/a><\/h1>\n<\/li>\n<\/ul>\n<p>A\u00f1o 2016<\/p>\n<ul>\n<li>\n<h1><strong><a href=\"https:\/\/amecopress.net\/Las-viajeras-y-exploradoras-merecen-estar-en-wikipedia\">AmecoPress.<\/a> <\/strong><\/h1>\n<\/li>\n<\/ul>\n<p>Marzo 2017. Las viajeras y exploradoras merececen estar en wikipedia.<\/p>\n<p>[\/et_pb_text][\/et_pb_column][\/et_pb_row][\/et_pb_section]<\/p>\n","protected":false},"excerpt":{"rendered":"<p>Medios de Comunicaci\u00f3nMedios de Comunicaci\u00f3n Casiaventurilla Senderismo. Documental A\u00f1o 2019. Grandes Recorridos: El Sendero de los Apalaches Geographical imaginations\u00a0 Radio Fabrik Marzo 2017. Episode Twenty nine. (En ingl\u00e9s) \u00abA great American Pilgrimage\u00bb Blog Connecticut Posting. Publicado el 7 de Enero, 2014. \u00abWoman from Spain hikes the AT: A new first\u00bb. SIA \u2013\u00a0SIA.\u00a0\u00a0-Sendero Internacional de los [&hellip;]<\/p>\n","protected":false},"author":1,"featured_media":0,"parent":0,"menu_order":0,"comment_status":"closed","ping_status":"open","template":"","meta":{"_et_pb_use_builder":"on","_et_pb_old_content":"<p><strong>- <a href=\"http:\/\/blog.ctnews.com\/connecticutpostings\/2014\/01\/07\/woman-from-spain-hikes-the-at-a-new-first\/\" target=\"_blank\" rel=\"noopener noreferrer\">Blog Connecticut Posting.<\/a><\/strong> Woman from Spain hikes the AT: A new first.<span class=\"post-date\">\u00a0 Posted on January 7, 2014<\/span>.<\/p><p><strong>-<\/strong> <strong><a href=\"http:\/\/www.camporrobles.es\/index.php\" target=\"_blank\" rel=\"noopener noreferrer\">Ayuntamiento de Camporrobles<\/a>,<\/strong>Bolet\u00edn Informativo Municipal. Enero 2015 N\u00famero 6.\u00a0<a href=\"http:\/\/www.camporrobles.es\/archivos\/BIM%20CAMPORROBLES%20ENERO%202015.pdf\" target=\"_blank\" rel=\"noopener noreferrer\"> Sonia Ib\u00e1\u00f1ez conquista los Montes Apalaches. <\/a><\/p>","_et_gb_content_width":"","footnotes":""},"class_list":["post-363","page","type-page","status-publish","hentry"],"_links":{"self":[{"href":"https:\/\/estumoment.com\/index.php?rest_route=\/wp\/v2\/pages\/363","targetHints":{"allow":["GET"]}}],"collection":[{"href":"https:\/\/estumoment.com\/index.php?rest_route=\/wp\/v2\/pages"}],"about":[{"href":"https:\/\/estumoment.com\/index.php?rest_route=\/wp\/v2\/types\/page"}],"author":[{"embeddable":true,"href":"https:\/\/estumoment.com\/index.php?rest_route=\/wp\/v2\/users\/1"}],"replies":[{"embeddable":true,"href":"https:\/\/estumoment.com\/index.php?rest_route=%2Fwp%2Fv2%2Fcomments&post=363"}],"version-history":[{"count":73,"href":"https:\/\/estumoment.com\/index.php?rest_route=\/wp\/v2\/pages\/363\/revisions"}],"predecessor-version":[{"id":2932,"href":"https:\/\/estumoment.com\/index.php?rest_route=\/wp\/v2\/pages\/363\/revisions\/2932"}],"wp:attachment":[{"href":"https:\/\/estumoment.com\/index.php?rest_route=%2Fwp%2Fv2%2Fmedia&parent=363"}],"curies":[{"name":"wp","href":"https:\/\/api.w.org\/{rel}","templated":true}]}}