{"id":253,"date":"2015-02-01T12:42:14","date_gmt":"2015-02-01T12:42:14","guid":{"rendered":"http:\/\/estumoment.com\/?page_id=253"},"modified":"2021-03-13T03:47:25","modified_gmt":"2021-03-13T02:47:25","slug":"charlas","status":"publish","type":"page","link":"https:\/\/estumoment.com\/?page_id=253","title":{"rendered":"Charlas"},"content":{"rendered":"<p>[et_pb_section fb_built=\u00bb1&#8243; _builder_version=\u00bb3.22&#8243;][et_pb_row _builder_version=\u00bb3.25&#8243; background_color=\u00bbrgba(255,224,224,0.64)\u00bb use_background_color_gradient=\u00bbon\u00bb background_image=\u00bbhttps:\/\/estumoment.com\/wp-content\/uploads\/2019\/02\/Final-Olocau.jpg\u00bb background_size=\u00bbcontain\u00bb background_position=\u00bbtop_left\u00bb background_repeat=\u00bbrepeat\u00bb custom_padding=\u00bb0px|0px|14px|0px\u00bb filter_opacity=\u00bb99%\u00bb column_structure=\u00bb1_2,1_2&#8243;][et_pb_column type=\u00bb1_2&#8243; _builder_version=\u00bb3.25&#8243; custom_padding=\u00bb|||\u00bb custom_padding__hover=\u00bb|||\u00bb][et_pb_image align_tablet=\u00bbcenter\u00bb align_last_edited=\u00bbon|desktop\u00bb _builder_version=\u00bb3.23&#8243; custom_margin=\u00bb|||\u00bb filter_saturate=\u00bb103%\u00bb filter_brightness=\u00bb115%\u00bb filter_invert=\u00bb1%\u00bb][\/et_pb_image][\/et_pb_column][et_pb_column type=\u00bb1_2&#8243; _builder_version=\u00bb3.25&#8243; custom_padding=\u00bb|||\u00bb custom_padding__hover=\u00bb|||\u00bb][et_pb_text admin_label=\u00bbText\u00bb _builder_version=\u00bb3.27.4&#8243; text_font=\u00bb|700|||||||\u00bb text_text_color=\u00bb#000000&#8243; header_font=\u00bb||||||||\u00bb header_text_color=\u00bb#000000&#8243; background_color=\u00bbrgba(224,140,15,0.34)\u00bb use_background_color_gradient=\u00bbon\u00bb background_color_gradient_start=\u00bbrgba(165,165,165,0)\u00bb background_color_gradient_end=\u00bbrgba(166,168,167,0.93)\u00bb background_size=\u00bbinitial\u00bb background_position=\u00bbtop_left\u00bb background_repeat=\u00bbrepeat\u00bb text_orientation=\u00bbcenter\u00bb custom_margin=\u00bb|||\u00bb]<\/p>\n<p>\u00a0<\/p>\n<h1><strong>La Traves\u00eda de los Apalaches<\/strong><\/h1>\n<h1>24-25\/Nov.\/2018<\/h1>\n<p style=\"text-align: center;\"><strong>Festival de la Monta\u00f1a.<\/strong><\/p>\n<p style=\"text-align: center;\"><strong>Encuentro de deportistas de monta\u00f1a.<\/strong><\/p>\n<p style=\"text-align: center;\"><strong>Un fin de semana de talleres, masterclass, ponencias, CHARLAS, competiciones.<\/strong><\/p>\n<p><strong><a href=\"http:\/\/www.aas-ooe.at\/gallery.html\">AVEM- Associaci\u00f3 Valenciana d\u00b4Esportistes de Muntanya<\/a><\/strong><\/p>\n<p><strong>Olocau (Valencia) -Espa\u00f1a-<\/strong><\/p>\n<p>[\/et_pb_text][\/et_pb_column][\/et_pb_row][et_pb_row _builder_version=\u00bb3.25&#8243; background_size=\u00bbcontain\u00bb background_position=\u00bbtop_left\u00bb background_repeat=\u00bbrepeat\u00bb custom_padding=\u00bb42px|0px|27px|0px\u00bb column_structure=\u00bb2_3,1_3&#8243;][et_pb_column type=\u00bb2_3&#8243; _builder_version=\u00bb3.25&#8243; custom_padding=\u00bb|||\u00bb custom_padding__hover=\u00bb|||\u00bb][et_pb_video src=\u00bbhttps:\/\/youtu.be\/e5s-yzhPBBQ\u00bb play_icon_color=\u00bb#000000&#8243; _builder_version=\u00bb3.0.92&#8243; max_width=\u00bb84%\u00bb][\/et_pb_video][\/et_pb_column][et_pb_column type=\u00bb1_3&#8243; _builder_version=\u00bb3.25&#8243; custom_padding=\u00bb|||\u00bb custom_padding__hover=\u00bb|||\u00bb][et_pb_text admin_label=\u00bbText\u00bb _builder_version=\u00bb3.27.4&#8243; background_size=\u00bbinitial\u00bb background_position=\u00bbtop_left\u00bb background_repeat=\u00bbrepeat\u00bb]<\/p>\n<h1 style=\"text-align: center;\"><strong><\/strong><\/h1>\n<h1 style=\"text-align: center;\"><strong><\/strong><\/h1>\n<h1 style=\"text-align: center;\">Charla<strong>\u00a0<\/strong><\/h1>\n<h1 style=\"text-align: center;\"><strong>Traves\u00eda por el Sendero de los Apalaches. <\/strong><\/h1>\n<h2 style=\"text-align: center;\"><strong>Recorriendo la cordillera m\u00e1s antigua del planeta llegu\u00e9 a ser la primera espa\u00f1ola en completar los 3.500km.<\/strong><\/h2>\n<p>&nbsp;<\/p>\n<p style=\"text-align: justify;\">[\/et_pb_text][\/et_pb_column][\/et_pb_row][et_pb_row _builder_version=\u00bb3.25&#8243; background_size=\u00bbcontain\u00bb background_position=\u00bbtop_left\u00bb background_repeat=\u00bbrepeat\u00bb custom_padding=\u00bb42px|0px|27px|0px\u00bb column_structure=\u00bb2_3,1_3&#8243;][et_pb_column type=\u00bb2_3&#8243; _builder_version=\u00bb3.25&#8243; custom_padding=\u00bb|||\u00bb custom_padding__hover=\u00bb|||\u00bb][et_pb_gallery gallery_ids=\u00bb2147&#8243; fullwidth=\u00bbon\u00bb admin_label=\u00bbGallery\u00bb _builder_version=\u00bb3.0.92&#8243; max_width=\u00bb61%\u00bb pagination_font_size_tablet=\u00bb51&#8243; pagination_line_height_tablet=\u00bb2&#8243; box_shadow_style=\u00bbpreset2&#8243; box_shadow_color=\u00bbrgba(24,73,122,0.64)\u00bb][\/et_pb_gallery][\/et_pb_column][et_pb_column type=\u00bb1_3&#8243; _builder_version=\u00bb3.25&#8243; custom_padding=\u00bb|||\u00bb custom_padding__hover=\u00bb|||\u00bb][et_pb_text admin_label=\u00bbText\u00bb _builder_version=\u00bb3.27.4&#8243; background_size=\u00bbinitial\u00bb background_position=\u00bbtop_left\u00bb background_repeat=\u00bbrepeat\u00bb]<\/p>\n<h1 style=\"text-align: center;\"><strong><\/strong><\/h1>\n<h1 style=\"text-align: center;\"><strong><\/strong><\/h1>\n<h1 style=\"text-align: justify;\"><strong>Paso a Paso: <\/strong><\/h1>\n<h1 style=\"text-align: justify;\"><strong>La Ruta de los Apalaches<\/strong><\/h1>\n<p>23\/Junio\/2018<\/p>\n<p style=\"text-align: justify;\">La presentaci\u00f3n de mi ardua aventura por los Apalaches desde el punto de vista de la mujer y los retos en el deporte.<\/p>\n<p style=\"text-align: justify;\"><strong><a href=\"https:\/\/avemvalencia.es\/\">AVEM- Associaci\u00f3 Valenciana d\u00b4Esportistes de Muntanya.<\/a><\/strong><\/p>\n<p style=\"text-align: justify;\">Vall d\u00b4Uix\u00f2 (Castell\u00f3n), Espa\u00f1a.<\/p>\n<p>[\/et_pb_text][\/et_pb_column][\/et_pb_row][et_pb_row _builder_version=\u00bb3.25&#8243; background_size=\u00bbinitial\u00bb background_position=\u00bbtop_left\u00bb background_repeat=\u00bbrepeat\u00bb column_structure=\u00bb2_3,1_3&#8243;][et_pb_column type=\u00bb2_3&#8243; _builder_version=\u00bb3.25&#8243; custom_padding=\u00bb|||\u00bb custom_padding__hover=\u00bb|||\u00bb][et_pb_gallery gallery_ids=\u00bb816&#8243; fullwidth=\u00bbon\u00bb admin_label=\u00bbGallery\u00bb _builder_version=\u00bb3.0.47&#8243;][\/et_pb_gallery][\/et_pb_column][et_pb_column type=\u00bb1_3&#8243; _builder_version=\u00bb3.25&#8243; custom_padding=\u00bb|||\u00bb custom_padding__hover=\u00bb|||\u00bb][et_pb_text admin_label=\u00bbText\u00bb _builder_version=\u00bb3.27.4&#8243; background_size=\u00bbinitial\u00bb background_position=\u00bbtop_left\u00bb background_repeat=\u00bbrepeat\u00bb]<\/p>\n<h1><strong>A Great American Cultural Pilgrimage<\/strong><\/h1>\n<p>10 \/March\/2016<\/p>\n<p><strong><a href=\"http:\/\/www.aas-ooe.at\/gallery.html\">AUSTRO-AMERICAN SOCIETY<\/a><\/strong><\/p>\n<p>Oberbank AG<\/p>\n<p>Untere Donaul\u00e4nde 28\u00a0 4020 Linz, Austria.<\/p>\n<p>(English Language)<\/p>\n<p>[\/et_pb_text][\/et_pb_column][\/et_pb_row][et_pb_row _builder_version=\u00bb3.25&#8243; background_size=\u00bbinitial\u00bb background_position=\u00bbtop_left\u00bb background_repeat=\u00bbrepeat\u00bb column_structure=\u00bb2_3,1_3&#8243;][et_pb_column type=\u00bb2_3&#8243; _builder_version=\u00bb3.25&#8243; custom_padding=\u00bb|||\u00bb custom_padding__hover=\u00bb|||\u00bb][et_pb_gallery gallery_ids=\u00bb820&#8243; fullwidth=\u00bbon\u00bb admin_label=\u00bbGallery\u00bb _builder_version=\u00bb3.0.47&#8243;][\/et_pb_gallery][\/et_pb_column][et_pb_column type=\u00bb1_3&#8243; _builder_version=\u00bb3.25&#8243; custom_padding=\u00bb|||\u00bb custom_padding__hover=\u00bb|||\u00bb][et_pb_text admin_label=\u00bbText\u00bb _builder_version=\u00bb3.27.4&#8243; background_size=\u00bbinitial\u00bb background_position=\u00bbtop_left\u00bb background_repeat=\u00bbrepeat\u00bb]<\/p>\n<h1><strong>A Great American Cultural\u00a0Pilgrimage<\/strong><\/h1>\n<p>05\/February\/2016<\/p>\n<p><b><a href=\"http:\/\/www.alpenverein-salzburg.at\/OeAVSbg\/files\/9d\/9de8aa37-431a-4965-a295-39c2d804473b.pdf\">AUSTRO-AMERICAN SOCIETY <\/a><\/b><\/p>\n<div class=\"sharedaddy sd-like-enabled sd-sharing-enabled\" id=\"jp-post-flair\">\n<div class=\"geolocation-chip\">Stadtwerk Hochhaus<\/div>\n<div class=\"geolocation-chip\">Strubergasse 26,\u00a0 5020\u00a0Salzburg, Austria.<\/div>\n<div class=\"geolocation-chip\">Musical accompaniment by\u00a0<a href=\"http:\/\/www.martin-langer.at\/\"><strong>Martin Langer<\/strong><\/a>.<\/div>\n<div class=\"geolocation-chip\">(English Language)<\/div>\n<\/div>\n<p>[\/et_pb_text][\/et_pb_column][\/et_pb_row][et_pb_row _builder_version=\u00bb3.25&#8243; background_size=\u00bbinitial\u00bb background_position=\u00bbtop_left\u00bb background_repeat=\u00bbrepeat\u00bb column_structure=\u00bb2_3,1_3&#8243;][et_pb_column type=\u00bb2_3&#8243; _builder_version=\u00bb3.25&#8243; custom_padding=\u00bb|||\u00bb custom_padding__hover=\u00bb|||\u00bb][et_pb_gallery gallery_ids=\u00bb818&#8243; fullwidth=\u00bbon\u00bb admin_label=\u00bbGallery\u00bb _builder_version=\u00bb3.0.47&#8243;][\/et_pb_gallery][\/et_pb_column][et_pb_column type=\u00bb1_3&#8243; _builder_version=\u00bb3.25&#8243; custom_padding=\u00bb|||\u00bb custom_padding__hover=\u00bb|||\u00bb][et_pb_text admin_label=\u00bbText\u00bb _builder_version=\u00bb3.27.4&#8243; background_size=\u00bbinitial\u00bb background_position=\u00bbtop_left\u00bb background_repeat=\u00bbrepeat\u00bb]<\/p>\n<h1><strong>A Great American Pilgrimage<\/strong><\/h1>\n<p>14 \/November\/2015<\/p>\n<p>\u00a0<\/p>\n<div class=\"sharedaddy sd-like-enabled sd-sharing-enabled\" id=\"jp-post-flair\">\n<div class=\"geolocation-chip\"><b><a href=\"http:\/\/www.gebirgsverein.at\/lv-wien\/news\/details\/detail_vortraege.php?newsId=7020\">ALPENVEREIN Austria<\/a><\/b><\/div>\n<div class=\"geolocation-chip\">Rotenturmstra\u00dfe 14, 1010 Vienna, Austria.<\/div>\n<div class=\"geolocation-chip\">(English Language)<\/div>\n<\/div>\n<p>[\/et_pb_text][\/et_pb_column][\/et_pb_row][et_pb_row _builder_version=\u00bb3.25&#8243; background_size=\u00bbinitial\u00bb background_position=\u00bbtop_left\u00bb background_repeat=\u00bbrepeat\u00bb column_structure=\u00bb2_3,1_3&#8243;][et_pb_column type=\u00bb2_3&#8243; _builder_version=\u00bb3.25&#8243; custom_padding=\u00bb|||\u00bb custom_padding__hover=\u00bb|||\u00bb][et_pb_gallery gallery_ids=\u00bb302&#8243; fullwidth=\u00bbon\u00bb admin_label=\u00bbGallery\u00bb _builder_version=\u00bb3.0.47&#8243;][\/et_pb_gallery][\/et_pb_column][et_pb_column type=\u00bb1_3&#8243; _builder_version=\u00bb3.25&#8243; custom_padding=\u00bb|||\u00bb custom_padding__hover=\u00bb|||\u00bb][et_pb_text admin_label=\u00bbText\u00bb _builder_version=\u00bb3.27.4&#8243; background_size=\u00bbinitial\u00bb background_position=\u00bbtop_left\u00bb background_repeat=\u00bbrepeat\u00bb]<\/p>\n<header class=\"entry-header\">\n<h1 class=\"entry-title\"><strong>Other Side(s) of America: La Ruta de los\u00a0Apalaches<\/strong><\/h1>\n<p>12\/Julio\/2014<\/p>\n<p style=\"text-align: justify;\">Exposici\u00f3n fotogr\u00e1fica y charla sobre La Ruta de los Apalaches, USA. Muestra nuestra experiencia caminando durante 5 meses 3500 kil\u00f3metros.<\/p>\n<\/header>\n<div class=\"entry-content\">\n<p style=\"text-align: justify;\">Photographic exhibition\/talk in Camporrobles, Spain representing work from our 5-month Appalachian Trail immersion.<\/p>\n<p><strong><a href=\"https:\/\/www.valenciaturisme.org\/museo\/centro-de-interpretacion-el-molon-camporrobles\/\">Centro de Interpretaci\u00f3n El Mol\u00f3n <\/a><\/strong>Camporrobles, Valencia.<\/p>\n<\/div>\n<p>[\/et_pb_text][\/et_pb_column][\/et_pb_row][et_pb_row _builder_version=\u00bb3.25&#8243; background_size=\u00bbinitial\u00bb background_position=\u00bbtop_left\u00bb background_repeat=\u00bbrepeat\u00bb column_structure=\u00bb2_3,1_3&#8243;][et_pb_column type=\u00bb2_3&#8243; _builder_version=\u00bb3.25&#8243; custom_padding=\u00bb|||\u00bb custom_padding__hover=\u00bb|||\u00bb][et_pb_gallery gallery_ids=\u00bb294&#8243; fullwidth=\u00bbon\u00bb admin_label=\u00bbGallery\u00bb _builder_version=\u00bb3.0.47&#8243;][\/et_pb_gallery][\/et_pb_column][et_pb_column type=\u00bb1_3&#8243; _builder_version=\u00bb3.25&#8243; custom_padding=\u00bb|||\u00bb custom_padding__hover=\u00bb|||\u00bb][et_pb_text admin_label=\u00bbText\u00bb _builder_version=\u00bb3.27.4&#8243; background_size=\u00bbinitial\u00bb background_position=\u00bbtop_left\u00bb background_repeat=\u00bbrepeat\u00bb]<\/p>\n<h1><strong>Am\u00e9rica a pie sin dejar huella, Los Apalaches<\/strong><\/h1>\n<p>04\/Julio\/2014<\/p>\n<p style=\"text-align: justify;\"><strong>Cuentaviajes<\/strong>, charla ambiental \u201cNo dejar Huella\u201d.Un espacio para intercambiar y conocer viajes realizados y narrados desde una perspectiva de respeto al medio ambiente.<\/p>\n<p style=\"text-align: justify;\">Talk about \u201cLeave No Trace\u201d at the Environmental Education Center of The City of Madrid.<\/p>\n<p><a href=\"http:\/\/www.uolala.com\/actividad\/cuentaviajes-los-apalaches-15785\"><strong>Centro de<\/strong> <strong>Informaci\u00f3n y Educaci\u00f3n ambiental Dehesa de la Villa<\/strong><\/a><br \/> C\/ Francos Rodr\u00edguez, pr\u00f3x. 81.<\/p>\n<p>Madrid, Espa\u00f1a.<\/p>\n<p>[\/et_pb_text][\/et_pb_column][\/et_pb_row][et_pb_row _builder_version=\u00bb3.25&#8243; background_size=\u00bbinitial\u00bb background_position=\u00bbtop_left\u00bb background_repeat=\u00bbrepeat\u00bb column_structure=\u00bb2_3,1_3&#8243;][et_pb_column type=\u00bb2_3&#8243; _builder_version=\u00bb3.25&#8243; custom_padding=\u00bb|||\u00bb custom_padding__hover=\u00bb|||\u00bb][et_pb_gallery gallery_ids=\u00bb288&#8243; fullwidth=\u00bbon\u00bb admin_label=\u00bbGallery\u00bb _builder_version=\u00bb3.0.47&#8243;][\/et_pb_gallery][\/et_pb_column][et_pb_column type=\u00bb1_3&#8243; _builder_version=\u00bb3.25&#8243; custom_padding=\u00bb|||\u00bb custom_padding__hover=\u00bb|||\u00bb][et_pb_text admin_label=\u00bbText\u00bb _builder_version=\u00bb3.27.4&#8243; background_size=\u00bbinitial\u00bb background_position=\u00bbtop_left\u00bb background_repeat=\u00bbrepeat\u00bb]<\/p>\n<h1><strong>PROYECCI\u00d3N: Am\u00e9rica a Pie: Thru-Hiking La Ruta de Los\u00a0Apalaches<\/strong><\/h1>\n<p>28\/Mayo\/2014<\/p>\n<p>Proyecci\u00f3n y charla en la <strong><a href=\"http:\/\/Librer\u00eda Desnivel\">Librer\u00eda Desnivel<\/a><\/strong><\/p>\n<p>Plaza de Matute,6 (Madrid)<\/p>\n<p>Librer\u00eda especializada en monta\u00f1a, viajes y aventura.<\/p>\n<p>[\/et_pb_text][\/et_pb_column][\/et_pb_row][et_pb_row _builder_version=\u00bb3.25&#8243; background_size=\u00bbinitial\u00bb background_position=\u00bbtop_left\u00bb background_repeat=\u00bbrepeat\u00bb column_structure=\u00bb2_3,1_3&#8243;][et_pb_column type=\u00bb2_3&#8243; _builder_version=\u00bb3.25&#8243; custom_padding=\u00bb|||\u00bb custom_padding__hover=\u00bb|||\u00bb][et_pb_gallery gallery_ids=\u00bb296&#8243; fullwidth=\u00bbon\u00bb admin_label=\u00bbGallery\u00bb _builder_version=\u00bb3.0.47&#8243;][\/et_pb_gallery][\/et_pb_column][et_pb_column type=\u00bb1_3&#8243; _builder_version=\u00bb3.25&#8243; custom_padding=\u00bb|||\u00bb custom_padding__hover=\u00bb|||\u00bb][et_pb_text admin_label=\u00bbText\u00bb _builder_version=\u00bb3.27.4&#8243; background_size=\u00bbinitial\u00bb background_position=\u00bbtop_left\u00bb background_repeat=\u00bbrepeat\u00bb]<\/p>\n<div class=\"entry-content\">\n<h1><strong>The People on The Other Side: Am\u00e9rica (a pie) por la Ruta de los Apalaches.<\/strong><\/h1>\n<p>08\/Mayo\/2014<\/p>\n<p style=\"text-align: justify;\">El Appalachian Trail es una senda de 3.500 kil\u00f3metros que atraviesa la cordillera m\u00e1s antigua del mundo. Caminando durante cinco meses por grandes bosques y pasando por peque\u00f1os pueblos Sonia Ib\u00e1\u00f1ez (Madrid) y Kevin S. Fox (Connecticut) llegaron a conocer otra Am\u00e9rica en este intercambio cultural. En esta charla biling\u00fce nos contar\u00e1n de su experiencia a trav\u00e9s de fotograf\u00edas y cortas narrativas personales.<\/p>\n<p><strong><a href=\"http:\/\/www.laciudad-invisible.com\/Que_hemos_hecho#charlas\">Cafeter\u00eda-librer\u00eda \u201cLa Ciudad Invisible<\/a>\u201d<\/strong> Costanilla de los \u00c1ngeles, 7, Madrid.<\/p>\n<\/div>\n<header class=\"entry-header\">\n<h1 class=\"entry-title\"><\/h1>\n<\/header>\n<p>[\/et_pb_text][\/et_pb_column][\/et_pb_row][et_pb_row _builder_version=\u00bb3.25&#8243; background_size=\u00bbinitial\u00bb background_position=\u00bbtop_left\u00bb background_repeat=\u00bbrepeat\u00bb column_structure=\u00bb2_3,1_3&#8243;][et_pb_column type=\u00bb2_3&#8243; _builder_version=\u00bb3.25&#8243; custom_padding=\u00bb|||\u00bb custom_padding__hover=\u00bb|||\u00bb][et_pb_gallery gallery_ids=\u00bb262&#8243; fullwidth=\u00bbon\u00bb admin_label=\u00bbGallery\u00bb _builder_version=\u00bb3.0.47&#8243;][\/et_pb_gallery][\/et_pb_column][et_pb_column type=\u00bb1_3&#8243; _builder_version=\u00bb3.25&#8243; custom_padding=\u00bb|||\u00bb custom_padding__hover=\u00bb|||\u00bb][et_pb_text admin_label=\u00bbText\u00bb _builder_version=\u00bb3.27.4&#8243; background_size=\u00bbinitial\u00bb background_position=\u00bbtop_left\u00bb background_repeat=\u00bbrepeat\u00bb]<\/p>\n<h1><strong><\/strong><\/h1>\n<h1><strong>Thru-Hiking en los Apalaches<\/strong><\/h1>\n<p style=\"text-align: justify;\">27 \/Marzo\/2014<br \/> El 30 de Noviembre de 2013, despu\u00e9s de 5 meses de \u201cthru-hike\u201d, Sonia Ib\u00e1\u00f1ez P\u00e9rez (Madrid) lleg\u00f3 a ser la primera espa\u00f1ola en completar los 3500 kil\u00f3metros de recorrido por las monta\u00f1as m\u00e1s antiguas del mundo. Junto a Kevin S. Fox, ge\u00f3grafo de USA, nos hablar\u00e1n de su experencia vivida a trav\u00e9s de fotograf\u00edas tomadas a lo largo del camino. Ven a conocer el Appalachian Trail y los desaf\u00edos que se presentan en su trayecto.<\/p>\n<div class=\"wpcnt\" id=\"wordads-preview-parent\">\n<div class=\"wpa\"><strong><a href=\"http:\/\/www.nemus.org\/\">CLUB NEMUS<\/a><\/strong><\/div>\n<\/div>\n<div class=\"sharedaddy sd-like-enabled sd-sharing-enabled\" id=\"jp-post-flair\">\n<div class=\"geolocation-chip\">Polideportivo Joaqu\u00edn Blume<\/div>\n<div class=\"geolocation-chip\">C\/ Joaqu\u00edn Blume, s\/n, 28850<\/div>\n<div class=\"geolocation-chip\">Torrej\u00f3n de Ardoz, Madrid, Espa\u00f1a<\/div>\n<\/div>\n<p><!--more--><\/p>\n<p><!--more--><\/p>\n<p>[\/et_pb_text][\/et_pb_column][\/et_pb_row][\/et_pb_section][et_pb_section fb_built=\u00bb1&#8243; _builder_version=\u00bb3.22&#8243;][et_pb_row _builder_version=\u00bb3.25&#8243; background_size=\u00bbinitial\u00bb background_position=\u00bbtop_left\u00bb background_repeat=\u00bbrepeat\u00bb][et_pb_column type=\u00bb4_4&#8243; _builder_version=\u00bb3.25&#8243; custom_padding=\u00bb|||\u00bb custom_padding__hover=\u00bb|||\u00bb][et_pb_text admin_label=\u00bbText\u00bb _builder_version=\u00bb3.27.4&#8243; background_size=\u00bbinitial\u00bb background_position=\u00bbtop_left\u00bb background_repeat=\u00bbrepeat\u00bb text_orientation=\u00bbcenter\u00bb module_alignment=\u00bbcenter\u00bb]<\/p>\n<h1><strong>\u00abAppalachian Footraits\u00bb<\/strong><\/h1>\n<p>Salzburg: Vol.23 11Dec 2014<\/p>\n<p><strong>PechaKucha<\/strong> or <b>Pecha Kucha<\/b> is a presentation style in which 20 slides are shown for 20 seconds each (6 minutes and 40 seconds in total). The format, which keeps presentations concise and fast-paced, powers multiple-speaker events called PechaKucha Nights.<\/p>\n<p><strong>Here some slides about our talk with Kevin S. Fox, Cultural Geographer.<\/strong><br \/>\n[\/et_pb_text][et_pb_accordion admin_label=\u00bbfeet-Accordion\u00bb _builder_version=\u00bb3.0.47&#8243;][et_pb_accordion_item title=\u00bbSlide 5&#8243; open=\u00bbon\u00bb _builder_version=\u00bb3.0.47&#8243;]You had already walked 637 kilometers. You weren\u00b4t sure anymore if it all was such a good idea. This walk. To where? You still had 2863 kilometers to go. But, to where? Your friends and enemies were the routine, the terrain, the sun, moon, failure, success, beginning, end.<\/p>\n<p><a href=\"https:\/\/estumoment.com\/wp-content\/uploads\/2015\/02\/1-Imagen-17.jpg\"><img loading=\"lazy\" decoding=\"async\" class=\"alignnone size-medium wp-image-355\" src=\"https:\/\/estumoment.com\/wp-content\/uploads\/2015\/02\/1-Imagen-17-300x226.jpg\" alt=\"\" width=\"300\" height=\"226\" srcset=\"https:\/\/estumoment.com\/wp-content\/uploads\/2015\/02\/1-Imagen-17-300x226.jpg 300w, https:\/\/estumoment.com\/wp-content\/uploads\/2015\/02\/1-Imagen-17.jpg 1024w\" sizes=\"(max-width: 300px) 100vw, 300px\" \/><\/a><\/p>\n<p>&nbsp;<\/p>\n<p>&nbsp;<br \/>\n[\/et_pb_accordion_item][et_pb_accordion_item title=\u00bbSlide 6&#8243; _builder_version=\u00bb3.0.47&#8243; open=\u00bboff\u00bb]You once read that the Cherokee from North Carolina massaged their feet as part of a sacred ceremony. They believed that because our feet provide us with our main contact with the Earth that they, too-the feet-conduct the energies flowing through this world and the others.<\/p>\n<p><a href=\"https:\/\/estumoment.com\/wp-content\/uploads\/2015\/02\/1-Imagen-16.jpg\"><img loading=\"lazy\" decoding=\"async\" class=\"alignnone size-medium wp-image-354\" src=\"https:\/\/estumoment.com\/wp-content\/uploads\/2015\/02\/1-Imagen-16-300x225.jpg\" alt=\"\" width=\"300\" height=\"225\" srcset=\"https:\/\/estumoment.com\/wp-content\/uploads\/2015\/02\/1-Imagen-16-300x225.jpg 300w, https:\/\/estumoment.com\/wp-content\/uploads\/2015\/02\/1-Imagen-16.jpg 1024w\" sizes=\"(max-width: 300px) 100vw, 300px\" \/><\/a><br \/>\n[\/et_pb_accordion_item][et_pb_accordion_item title=\u00bbSlide 16&#8243; _builder_version=\u00bb3.0.47&#8243; open=\u00bboff\u00bb]Your feet bruised from the pounding and stepping over the rocks and roots. But they are happy feet. Feet are emotional and can be happy, sad, tired, angry. Feet can take attitude and stop like a dog who refuses to carry on.<\/p>\n<p><a href=\"https:\/\/estumoment.com\/wp-content\/uploads\/2015\/02\/1-Imagen-6.jpg\"><img loading=\"lazy\" decoding=\"async\" class=\"alignnone size-medium wp-image-353\" src=\"https:\/\/estumoment.com\/wp-content\/uploads\/2015\/02\/1-Imagen-6-300x225.jpg\" alt=\"\" width=\"300\" height=\"225\" srcset=\"https:\/\/estumoment.com\/wp-content\/uploads\/2015\/02\/1-Imagen-6-300x225.jpg 300w, https:\/\/estumoment.com\/wp-content\/uploads\/2015\/02\/1-Imagen-6.jpg 1024w\" sizes=\"(max-width: 300px) 100vw, 300px\" \/><\/a><br \/>\n[\/et_pb_accordion_item][et_pb_accordion_item title=\u00bbSlide 18 \u00bb _builder_version=\u00bb3.0.47&#8243; open=\u00bboff\u00bb]You learned how to walk by walking. You learned how to map by mapping. You learned how to write yourself into the terrain with your feet and not your pen. Your feet, those often forgotten appendages, draw and sing and dance and smell like roses.<\/p>\n<p><a href=\"https:\/\/estumoment.com\/wp-content\/uploads\/2015\/02\/1-Im\u00e1gen-5.jpg\"><img loading=\"lazy\" decoding=\"async\" class=\"alignnone size-medium wp-image-352\" src=\"https:\/\/estumoment.com\/wp-content\/uploads\/2015\/02\/1-Im\u00e1gen-5-300x225.jpg\" alt=\"\" width=\"300\" height=\"225\" srcset=\"https:\/\/estumoment.com\/wp-content\/uploads\/2015\/02\/1-Im\u00e1gen-5-300x225.jpg 300w, https:\/\/estumoment.com\/wp-content\/uploads\/2015\/02\/1-Im\u00e1gen-5.jpg 1024w\" sizes=\"(max-width: 300px) 100vw, 300px\" \/><\/a><br \/>\n[\/et_pb_accordion_item][\/et_pb_accordion][\/et_pb_column][\/et_pb_row][\/et_pb_section]<\/p>\n","protected":false},"excerpt":{"rendered":"<p>\u00a0 La Traves\u00eda de los Apalaches 24-25\/Nov.\/2018 Festival de la Monta\u00f1a. Encuentro de deportistas de monta\u00f1a. Un fin de semana de talleres, masterclass, ponencias, CHARLAS, competiciones. AVEM- Associaci\u00f3 Valenciana d\u00b4Esportistes de Muntanya Olocau (Valencia) -Espa\u00f1a- Charla\u00a0 Traves\u00eda por el Sendero de los Apalaches. Recorriendo la cordillera m\u00e1s antigua del planeta llegu\u00e9 a ser la primera [&hellip;]<\/p>\n","protected":false},"author":1,"featured_media":0,"parent":0,"menu_order":0,"comment_status":"closed","ping_status":"open","template":"","meta":{"_et_pb_use_builder":"on","_et_pb_old_content":"","_et_gb_content_width":"","footnotes":""},"class_list":["post-253","page","type-page","status-publish","hentry"],"_links":{"self":[{"href":"https:\/\/estumoment.com\/index.php?rest_route=\/wp\/v2\/pages\/253","targetHints":{"allow":["GET"]}}],"collection":[{"href":"https:\/\/estumoment.com\/index.php?rest_route=\/wp\/v2\/pages"}],"about":[{"href":"https:\/\/estumoment.com\/index.php?rest_route=\/wp\/v2\/types\/page"}],"author":[{"embeddable":true,"href":"https:\/\/estumoment.com\/index.php?rest_route=\/wp\/v2\/users\/1"}],"replies":[{"embeddable":true,"href":"https:\/\/estumoment.com\/index.php?rest_route=%2Fwp%2Fv2%2Fcomments&post=253"}],"version-history":[{"count":127,"href":"https:\/\/estumoment.com\/index.php?rest_route=\/wp\/v2\/pages\/253\/revisions"}],"predecessor-version":[{"id":2909,"href":"https:\/\/estumoment.com\/index.php?rest_route=\/wp\/v2\/pages\/253\/revisions\/2909"}],"wp:attachment":[{"href":"https:\/\/estumoment.com\/index.php?rest_route=%2Fwp%2Fv2%2Fmedia&parent=253"}],"curies":[{"name":"wp","href":"https:\/\/api.w.org\/{rel}","templated":true}]}}